{"id":75,"date":"2017-05-10T15:03:58","date_gmt":"2017-05-10T14:03:58","guid":{"rendered":"http:\/\/tc-hochdorf.ch\/wordpress\/?page_id=75"},"modified":"2025-09-08T06:23:46","modified_gmt":"2025-09-08T05:23:46","slug":"interclub","status":"publish","type":"page","link":"https:\/\/tc-hochdorf.ch\/?page_id=75","title":{"rendered":"Clubmeister"},"content":{"rendered":"<h2>Einzelmeisterschaften<\/h2>\n<table style=\"height: 195px; width: 100%; border-collapse: collapse; border-style: none;\">\n<tbody>\n<tr style=\"height: 23px;\">\n<td style=\"width: 3.79306%; height: 23px;\"><strong>Jahr<\/strong><\/td>\n<td style=\"width: 16.5518%; height: 23px;\"><strong>Herren Aktiv<\/strong><\/td>\n<td style=\"width: 43.793%; height: 23px;\"><strong>Damen Aktiv<\/strong><\/td>\n<\/tr>\n<tr>\n<td style=\"width: 3.79306%;\">2025<\/td>\n<td style=\"width: 16.5518%;\">Yanik Fuchs<\/td>\n<td style=\"width: 43.793%;\">&#8211;<\/td>\n<\/tr>\n<tr>\n<td style=\"width: 3.79306%;\">2024<\/td>\n<td style=\"width: 16.5518%;\">Danijel \u0106osi\u0107<\/td>\n<td style=\"width: 43.793%;\">Seline Portmann<\/td>\n<\/tr>\n<tr style=\"height: 23px;\">\n<td style=\"width: 3.79306%; height: 23px;\">2023<\/td>\n<td style=\"width: 16.5518%; height: 23px;\">Pascal Ottiger<\/td>\n<td style=\"width: 43.793%; height: 23px;\">Jana Oehen<\/td>\n<\/tr>\n<tr style=\"height: 20px;\">\n<td style=\"width: 3.79306%; height: 20px;\">2022<\/td>\n<td style=\"width: 16.5518%; height: 20px;\">Markus Mike Winiger<\/td>\n<td style=\"width: 43.793%; height: 20px;\">Jana Oehen<\/td>\n<\/tr>\n<tr style=\"height: 20px;\">\n<td style=\"width: 3.79306%; height: 20px;\">2021<\/td>\n<td style=\"width: 16.5518%; height: 20px;\">Pascal Ottiger<\/td>\n<td style=\"width: 43.793%; height: 20px;\">Jana Oehen<\/td>\n<\/tr>\n<tr style=\"height: 23px;\">\n<td style=\"width: 3.79306%; height: 23px;\">2020<\/td>\n<td style=\"width: 16.5518%; height: 23px;\">Pascal Ottiger<\/td>\n<td style=\"width: 43.793%; height: 23px;\">Yvonne S\u00fcess<\/td>\n<\/tr>\n<tr style=\"height: 23px;\">\n<td style=\"width: 3.79306%; height: 23px;\">2019<\/td>\n<td style=\"width: 16.5518%; height: 23px;\">Leif K\u00fchler<\/td>\n<td style=\"width: 43.793%; height: 23px;\">Yvonne S\u00fcess<\/td>\n<\/tr>\n<tr style=\"height: 23px;\">\n<td style=\"width: 3.79306%; height: 23px;\">2018<\/td>\n<td style=\"width: 16.5518%; height: 23px;\">Adriano Gut<\/td>\n<td style=\"width: 43.793%; height: 23px;\">Ladina Valencia<\/td>\n<\/tr>\n<tr style=\"height: 20px;\">\n<td style=\"width: 3.79306%; height: 20px;\">2017<\/td>\n<td style=\"width: 16.5518%; height: 20px;\">Pascal Ottiger<\/td>\n<td style=\"width: 43.793%; height: 20px;\">Nina Giebeler<\/td>\n<\/tr>\n<tr style=\"height: 20px;\">\n<td style=\"width: 3.79306%; height: 20px;\">2016<\/td>\n<td style=\"width: 16.5518%; height: 20px;\">Pascal Ottiger<\/td>\n<td style=\"width: 43.793%; height: 20px;\">Yvonne S\u00fcess<\/td>\n<\/tr>\n<\/tbody>\n<\/table>\n<p>\u00a0<\/p>\n\n\n<h2>Doppelmeisterschaften<\/h2>\n<table style=\"border-collapse: collapse; width: 100%; height: 365px;\">\n<tbody>\n<tr style=\"height: 20px;\">\n<td style=\"width: 9.13789%; height: 20px;\"><strong>Jahr<\/strong><\/td>\n<td style=\"width: 23.7931%; height: 20px;\"><strong>Herren<\/strong><\/td>\n<td style=\"width: 26.5517%; height: 20px;\"><strong>Damen<\/strong><\/td>\n<td style=\"width: 20.5173%; height: 20px;\"><strong>Mixed<\/strong><\/td>\n<td style=\"width: 20%; height: 20px;\"><strong>Generationen<\/strong><\/td>\n<\/tr>\n<tr style=\"height: 46px;\">\n<td style=\"width: 9.13789%; height: 46px;\">2025<\/td>\n<td style=\"width: 23.7931%; height: 46px;\">Pascal Ottiger\/<br \/>Reto K\u00f6pfli<\/td>\n<td style=\"width: 26.5517%; height: 46px;\">&#8211;<\/td>\n<td style=\"width: 20.5173%; height: 46px;\">Jana Oehen\/<br \/>Michel B\u00e4tscher<\/td>\n<td style=\"width: 20%; height: 46px;\">&#8211;<\/td>\n<\/tr>\n<tr style=\"height: 23px;\">\n<td style=\"width: 9.13789%; height: 23px;\">2024<\/td>\n<td style=\"width: 23.7931%; height: 23px;\">Pascal Ottiger\/<br \/>Reto K\u00f6pfli<\/td>\n<td style=\"width: 26.5517%; height: 23px;\">Vivienne Bachmann\/<br \/>Jana Oehen<\/td>\n<td style=\"width: 20.5173%; height: 23px;\">Jana Oehen\/<br \/>Michel B\u00e4tscher<\/td>\n<td style=\"width: 20%; height: 23px;\">Reto Kuster\/<br \/>Yanis Kuster<\/td>\n<\/tr>\n<tr style=\"height: 46px;\">\n<td style=\"width: 9.13789%; height: 46px;\">2023<\/td>\n<td style=\"width: 23.7931%; height: 46px;\">Adriano Gut\/<br \/>Dominik Gut<\/td>\n<td style=\"width: 26.5517%; height: 46px;\">Vivienne Bachmann\/<br \/>Jana Oehen<\/td>\n<td style=\"width: 20.5173%; height: 46px;\">Jana Oehen\/<br \/>Michel B\u00e4tscher<\/td>\n<td style=\"width: 20%; height: 46px;\">&#8211;<\/td>\n<\/tr>\n<tr style=\"height: 20px;\">\n<td style=\"width: 9.13789%; height: 20px;\">2022<\/td>\n<td style=\"width: 23.7931%; height: 20px;\">Pascal Ottiger\/<br \/>Reto K\u00f6pfli<\/td>\n<td style=\"width: 26.5517%; height: 20px;\">Lani Matter\/<br \/>Yvonne S\u00fcess<\/td>\n<td style=\"width: 20.5173%; height: 20px;\">Lani Matter\/<br \/>Pascal Ottiger<\/td>\n<td style=\"width: 20%; height: 20px;\">Beat S\u00fcess\/<br \/>Rafael S\u00fcess<\/td>\n<\/tr>\n<tr style=\"height: 40px;\">\n<td style=\"width: 9.13789%; height: 40px;\">2021<\/td>\n<td style=\"width: 23.7931%; height: 40px;\">Pascal Ottiger\/<br \/>Reto K\u00f6pfli<\/td>\n<td style=\"width: 26.5517%; height: 40px;\">Helene Isenegger\/<br \/>Marianne Steinhauser<\/td>\n<td style=\"width: 20.5173%; height: 40px;\">Regula Eisler-Duss\/<br \/>Pascal Ottiger<\/td>\n<td style=\"width: 20%; height: 40px;\">Levin Felix\/<br \/>Pascal Ottiger<\/td>\n<\/tr>\n<tr style=\"height: 63px;\">\n<td style=\"width: 9.13789%; height: 10px;\">2020<\/td>\n<td style=\"width: 23.7931%; height: 10px;\">Pascal Ottiger\/<br \/>Reto K\u00f6pfli<\/td>\n<td style=\"width: 26.5517%; height: 10px;\">Helen Isenegger\/<br \/>Marianne Steinhauser<\/td>\n<td style=\"width: 20.5173%; height: 10px;\">Yvonne S\u00fcess\/<br \/>Beat S\u00fcess<\/td>\n<td style=\"width: 20%; height: 10px;\">&#8211;<\/td>\n<\/tr>\n<tr style=\"height: 40px;\">\n<td style=\"width: 9.13789%; height: 40px;\">2019<\/td>\n<td style=\"width: 23.7931%; height: 40px;\">Pascal Ottiger\/<br \/>Reto K\u00f6pfli<\/td>\n<td style=\"width: 26.5517%; height: 40px;\">Amanda Huber\/<br \/>Regula Wisler-Duss<\/td>\n<td style=\"width: 20.5173%; height: 40px;\">Regula Wisler-Duss\/<br \/>Pascal Ottiger<\/td>\n<td style=\"width: 20%; height: 40px;\">Pascal Ottiger\/ <br \/>Beat S\u00fcess<\/td>\n<\/tr>\n<tr style=\"height: 40px;\">\n<td style=\"width: 9.13789%; height: 40px;\">2018<\/td>\n<td style=\"width: 23.7931%; height: 40px;\">Dominik Meier\/<br \/>Simon Weiss<\/td>\n<td style=\"width: 26.5517%; height: 40px;\">Dina Estermann\/<br \/>Margrit Williner<\/td>\n<td style=\"width: 20.5173%; height: 40px;\">Yvonne S\u00fcess\/<br \/>Beat S\u00fcess<\/td>\n<td style=\"width: 20%; height: 40px;\">\u00a0&#8211;<\/td>\n<\/tr>\n<tr style=\"height: 40px;\">\n<td style=\"width: 9.13789%; height: 40px;\">2017<\/td>\n<td style=\"width: 23.7931%; height: 40px;\">Pascal Ottiger\/ <br \/>Yves Ottiger<\/td>\n<td style=\"width: 26.5517%; height: 40px;\">\u00a0&#8211;<\/td>\n<td style=\"width: 20.5173%; height: 40px;\">Regula Wisler-Duss\/<br \/>Beat S\u00fcess<\/td>\n<td style=\"width: 20%; height: 40px;\">\u00a0&#8211;<\/td>\n<\/tr>\n<tr style=\"height: 40px;\">\n<td style=\"width: 9.13789%; height: 40px;\">2016<\/td>\n<td style=\"width: 23.7931%; height: 40px;\">Pascal Ottiger\/ <br \/>Yves Ottiger<\/td>\n<td style=\"width: 26.5517%; height: 40px;\">&#8211;\u00a0<\/td>\n<td style=\"width: 20.5173%; height: 40px;\">Yvonne S\u00fcess\/<br \/>Beat S\u00fcess<\/td>\n<td style=\"width: 20%; height: 40px;\">&#8211;\u00a0<\/td>\n<\/tr>\n<\/tbody>\n<\/table>\n","protected":false},"excerpt":{"rendered":"<p>Einzelmeisterschaften Jahr Herren Aktiv Damen Aktiv 2025 Yanik Fuchs &#8211; 2024 Danijel \u0106osi\u0107 Seline Portmann 2023 Pascal Ottiger Jana Oehen 2022 Markus Mike Winiger Jana Oehen 2021 Pascal Ottiger Jana Oehen 2020 Pascal Ottiger Yvonne S\u00fcess 2019 Leif K\u00fchler Yvonne S\u00fcess 2018 Adriano Gut Ladina Valencia 2017 Pascal Ottiger Nina Giebeler 2016 Pascal Ottiger Yvonne [&hellip;]<\/p>\n","protected":false},"author":2,"featured_media":0,"parent":0,"menu_order":0,"comment_status":"closed","ping_status":"closed","template":"","meta":{"_coblocks_attr":"","_coblocks_dimensions":"","_coblocks_responsive_height":"","_coblocks_accordion_ie_support":"","_mc_calendar":[],"footnotes":""},"class_list":["post-75","page","type-page","status-publish","hentry"],"_links":{"self":[{"href":"https:\/\/tc-hochdorf.ch\/index.php?rest_route=\/wp\/v2\/pages\/75","targetHints":{"allow":["GET"]}}],"collection":[{"href":"https:\/\/tc-hochdorf.ch\/index.php?rest_route=\/wp\/v2\/pages"}],"about":[{"href":"https:\/\/tc-hochdorf.ch\/index.php?rest_route=\/wp\/v2\/types\/page"}],"author":[{"embeddable":true,"href":"https:\/\/tc-hochdorf.ch\/index.php?rest_route=\/wp\/v2\/users\/2"}],"replies":[{"embeddable":true,"href":"https:\/\/tc-hochdorf.ch\/index.php?rest_route=%2Fwp%2Fv2%2Fcomments&post=75"}],"version-history":[{"count":22,"href":"https:\/\/tc-hochdorf.ch\/index.php?rest_route=\/wp\/v2\/pages\/75\/revisions"}],"predecessor-version":[{"id":2643,"href":"https:\/\/tc-hochdorf.ch\/index.php?rest_route=\/wp\/v2\/pages\/75\/revisions\/2643"}],"wp:attachment":[{"href":"https:\/\/tc-hochdorf.ch\/index.php?rest_route=%2Fwp%2Fv2%2Fmedia&parent=75"}],"curies":[{"name":"wp","href":"https:\/\/api.w.org\/{rel}","templated":true}]}}